{"id":2790,"date":"2020-07-16T14:10:50","date_gmt":"2020-07-16T12:10:50","guid":{"rendered":"https:\/\/poppik-dev.logiq-digital.com\/nous-connaitre-stickers\/illustration-jeunesse-art\/malena-arrighi\/"},"modified":"2022-06-24T18:16:04","modified_gmt":"2022-06-24T16:16:04","slug":"malena-arrighi","status":"publish","type":"page","link":"https:\/\/poppik.com\/en\/malena-arrighi\/","title":{"rendered":"Malena Arrighi"},"content":{"rendered":"<p>[vc_row][vc_column][vc_custom_heading text=&#8221;L&#8217;univers de Malena Arrighi&#8221; use_theme_fonts=&#8221;yes&#8221; css=&#8221;.vc_custom_1603532658777{margin-bottom: 20px !important;}&#8221;][\/vc_column][\/vc_row][vc_row css=&#8221;.vc_custom_1594383877180{margin-bottom: 15px !important;}&#8221;][vc_column][vc_column_text]<\/p>\n<div class=\"ox-text ox-margin-bottom-medium\">\n<p>Malena Arrighi est n\u00e9e \u00e0 Paris en 1993. Dipl\u00f4m\u00e9e de la Haute \u00c9cole des Arts du Rhin de Strasbourg en 2018, elle vit depuis 2016 entre l\u2019Allemagne (Berlin) et la France. Sa pratique inclut le dessin, la peinture, l\u2019\u00e9dition, l\u2019animation, la cr\u00e9ation d\u2019objets, ainsi que des commandes d\u2019illustration.<\/p>\n<p>Pour cr\u00e9er ses images, elle utilise surtout la gouache, le crayon de couleur, les feutres de couleurs vives, le papier d\u00e9coup\u00e9.<\/p>\n<p>Elle aime cr\u00e9er des livres sous toutes leurs formes : flip Books \u00e0 offrir \u00e0 son amour secret, livre \u00e0 partager avec son voisin de m\u00e9tro, imagiers bilingues. Parmi les th\u00e8mes qui l\u2019int\u00e9ressent : le langage amoureux des animaux, l\u2019arbitraire des langues et leur potentiel ludique.<\/p>\n<p>Elle remplit quotidiennement des carnets o\u00f9 elle note consciencieusement ses r\u00eaves et quantit\u00e9 d\u2019id\u00e9es qu\u2019elle mettra en forme plus tard, ou peut-\u00eatre jamais.<\/p>\n<p>Depuis deux ans, elle explore un autre domaine de cr\u00e9ation : la p\u00e2tisserie. Elle invente g\u00e2teaux, entremets et autres d\u00e9lices glac\u00e9s. Elle a cr\u00e9\u00e9 une cinquantaine de recettes de glaces avec son amoureux. Miam !<\/p>\n<\/div>\n<p>[\/vc_column_text][\/vc_column][\/vc_row][vc_row css=&#8221;.vc_custom_1594900940369{margin-bottom: 25px !important;}&#8221;][vc_column width=&#8221;1\/3&#8243; css=&#8221;.vc_custom_1594195570749{margin-top: 15px !important;margin-bottom: 15px !important;}&#8221;][vc_single_image image=&#8221;2203&#8243; img_size=&#8221;large&#8221; alignment=&#8221;center&#8221;][\/vc_column][vc_column width=&#8221;1\/3&#8243; css=&#8221;.vc_custom_1594195575582{margin-top: 15px !important;margin-bottom: 15px !important;}&#8221;][vc_single_image image=&#8221;2201&#8243; img_size=&#8221;large&#8221; alignment=&#8221;center&#8221;][\/vc_column][vc_column width=&#8221;1\/3&#8243; css=&#8221;.vc_custom_1594195580326{margin-top: 15px !important;margin-bottom: 15px !important;}&#8221;][vc_single_image image=&#8221;2205&#8243; img_size=&#8221;large&#8221; alignment=&#8221;center&#8221;][\/vc_column][\/vc_row][vc_row][vc_column][vc_column_text]<\/p>\n<div class=\"ox-text ox-margin-bottom-medium\">\n<p>Pour Poppik, elle a r\u00e9alis\u00e9 sa toute premi\u00e8re<a href=\"https:\/\/poppik.com\/boutique\/posters-stickers\/poster-stickers-palace\/\"> illustration<\/a> avant m\u00eame d&#8217;voir obtenu son dipl\u00f4me. Nous avions vraiment craqu\u00e9 sur ses carnets de croquis recouverts de couleurs vives et de formes g\u00e9om\u00e9triques. On y trouve toutes sortes de dessins inspir\u00e9s des objets qui l&#8217;entourent : timbres, pochettes de disques, captures de films, animaux, plantes, footballeurs, voitures de collection\u2026<\/p>\n<p><a href=\"http:\/\/www.hear.fr\/portfolio-anciens-etudiants\/malena-arrighi\/\" rel=\"hlid[=]2048[&amp;]href[=]http:\/\/www.hear.fr\/portfolio-anciens-etudiants\/malena-arrighi\/ noopener\" target=\"_blank\">En savoir plus sur\u00a0Malena Arrighi<\/a><\/p>\n<\/div>\n<p>[\/vc_column_text][\/vc_column][\/vc_row][vc_row][vc_column]<div class=\"woocommerce \"><\/div>[\/vc_column][\/vc_row]<\/p>\n","protected":false},"excerpt":{"rendered":"<p>[vc_row][vc_column][vc_custom_heading text=&#8221;L&#8217;univers de Malena Arrighi&#8221; use_theme_fonts=&#8221;yes&#8221; css=&#8221;.vc_custom_1603532658777{margin-bottom: 20px !important;}&#8221;][\/vc_column][\/vc_row][vc_row css=&#8221;.vc_custom_1594383877180{margin-bottom: 15px !important;}&#8221;][vc_column][vc_column_text] Malena Arrighi est n\u00e9e \u00e0 Paris en 1993. Dipl\u00f4m\u00e9e de la Haute \u00c9cole des Arts du Rhin de&hellip;<\/p>\n","protected":false},"author":1,"featured_media":2041,"parent":0,"menu_order":0,"comment_status":"closed","ping_status":"closed","template":"","meta":{"footnotes":""},"jetpack_sharing_enabled":true,"_links":{"self":[{"href":"https:\/\/poppik.com\/en\/wp-json\/wp\/v2\/pages\/2790"}],"collection":[{"href":"https:\/\/poppik.com\/en\/wp-json\/wp\/v2\/pages"}],"about":[{"href":"https:\/\/poppik.com\/en\/wp-json\/wp\/v2\/types\/page"}],"author":[{"embeddable":true,"href":"https:\/\/poppik.com\/en\/wp-json\/wp\/v2\/users\/1"}],"replies":[{"embeddable":true,"href":"https:\/\/poppik.com\/en\/wp-json\/wp\/v2\/comments?post=2790"}],"version-history":[{"count":15,"href":"https:\/\/poppik.com\/en\/wp-json\/wp\/v2\/pages\/2790\/revisions"}],"predecessor-version":[{"id":12874,"href":"https:\/\/poppik.com\/en\/wp-json\/wp\/v2\/pages\/2790\/revisions\/12874"}],"wp:featuredmedia":[{"embeddable":true,"href":"https:\/\/poppik.com\/en\/wp-json\/wp\/v2\/media\/2041"}],"wp:attachment":[{"href":"https:\/\/poppik.com\/en\/wp-json\/wp\/v2\/media?parent=2790"}],"curies":[{"name":"wp","href":"https:\/\/api.w.org\/{rel}","templated":true}]}}